{"id":59745,"date":"2022-12-17T13:59:50","date_gmt":"2022-12-17T18:59:50","guid":{"rendered":"https:\/\/dals.com\/product\/fpd-cc-atom-pendant\/"},"modified":"2026-01-05T11:48:33","modified_gmt":"2026-01-05T16:48:33","slug":"fpd-cc-atom-pendant","status":"publish","type":"product","link":"https:\/\/dals.com\/fr\/produit\/fpd-cc-atom-pendant\/","title":{"rendered":"Suspension 16&Prime;"},"content":{"rendered":"\t\t<section class=\"elem-breadcrumbs elementor-element elementor-section-boxed elementor-section-height-default elementor-section-height-default elementor-section elementor-top-section\" data-element_type=\"section\" style=\"margin-bottom:30px\">\n\t<div class=\"elementor-container elementor-column-gap-default\">\n\t\t<div class=\"elementor-row\">\n\t\t\t<div class=\"elementor-element elementor-column elementor-col-100 elementor-top-column >\n\t\t\t\t<div class=\"elementor-column-wrap  elementor-element-populated\">\n\t\t\t\t\t<div class=\"elementor-widget-wrap\">\n\t\t\t\t\t\t<div class=\"elementor-element elementor-widget elementor-widget-breadcrumbs\" data-element_type=\"widget\" data-widget_type=\"breadcrumbs.default\">\n\t\t\t\t\t\t\t<div class=\"elementor-widget-container\">\n\t\t\t\t\t\t\t\t<span><span><a href=\"https:\/\/dals.com\/fr\/\">Accueil<\/a><\/span><\/span>\t\t\t\t\t\t\t<\/div>\n\t\t\t\t\t\t<\/div>\n\t\t\t\t\t<\/div>\n\t\t\t\t<\/div>\n\t\t\t<\/div>\n\t\t<\/div>\n\t<\/div>\n<\/section>\n\n<ul>\n<li>Plus de 50 000 heures de dur\u00e9e de vie<\/li>\n<li>Hauteur r\u00e9glable jusqu\u2019\u00e0 10 pieds<\/li>\n<li>CCT s\u00e9lectionnable par commutateur: 2700 K\/3000 K\/3500 K\/4000 K\/5000 K<\/li>\n<li>Lentille givr\u00e9e<\/li>\n<li>Transformateur graduable int\u00e9gr\u00e9<\/li>\n<li>Convient aux endroits humides<\/li>\n<li>Montage sur bo\u00eete de jonction octogonale de 4\u2033<\/li>\n<li>Garantie de 5 ans<\/li>\n<\/ul>\n","protected":false},"excerpt":{"rendered":"<p>Un design unique aux lignes \u00e9pur\u00e9es qui ajoutera la touche finale \u00e0 votre bureau, votre chambre \u00e0 coucher et m\u00eame ce vestibule r\u00e9cemment r\u00e9nov\u00e9. L&rsquo;anneau double face ajoutera de la chaleur et du caract\u00e8re.<\/p>\n","protected":false},"featured_media":59452,"template":"","meta":{"_acf_changed":false,"site-sidebar-layout":"default","site-content-layout":"default","ast-site-content-layout":"default","site-content-style":"default","site-sidebar-style":"default","ast-global-header-display":"","ast-banner-title-visibility":"","ast-main-header-display":"","ast-hfb-above-header-display":"","ast-hfb-below-header-display":"","ast-hfb-mobile-header-display":"","site-post-title":"","ast-breadcrumbs-content":"","ast-featured-img":"","footer-sml-layout":"","ast-disable-related-posts":"","theme-transparent-header-meta":"default","adv-header-id-meta":"","stick-header-meta":"default","header-above-stick-meta":"","header-main-stick-meta":"","header-below-stick-meta":"","astra-migrate-meta-layouts":"set","ast-page-background-enabled":"default","ast-page-background-meta":{"desktop":{"background-color":"","background-image":"","background-repeat":"repeat","background-position":"center center","background-size":"auto","background-attachment":"scroll","background-type":"","background-media":"","overlay-type":"","overlay-color":"","overlay-opacity":"","overlay-gradient":""},"tablet":{"background-color":"","background-image":"","background-repeat":"repeat","background-position":"center center","background-size":"auto","background-attachment":"scroll","background-type":"","background-media":"","overlay-type":"","overlay-color":"","overlay-opacity":"","overlay-gradient":""},"mobile":{"background-color":"","background-image":"","background-repeat":"repeat","background-position":"center center","background-size":"auto","background-attachment":"scroll","background-type":"","background-media":"","overlay-type":"","overlay-color":"","overlay-opacity":"","overlay-gradient":""}},"ast-content-background-meta":{"desktop":{"background-color":"var(--ast-global-color-5)","background-image":"","background-repeat":"repeat","background-position":"center center","background-size":"auto","background-attachment":"scroll","background-type":"","background-media":"","overlay-type":"","overlay-color":"","overlay-opacity":"","overlay-gradient":""},"tablet":{"background-color":"var(--ast-global-color-5)","background-image":"","background-repeat":"repeat","background-position":"center center","background-size":"auto","background-attachment":"scroll","background-type":"","background-media":"","overlay-type":"","overlay-color":"","overlay-opacity":"","overlay-gradient":""},"mobile":{"background-color":"var(--ast-global-color-5)","background-image":"","background-repeat":"repeat","background-position":"center center","background-size":"auto","background-attachment":"scroll","background-type":"","background-media":"","overlay-type":"","overlay-color":"","overlay-opacity":"","overlay-gradient":""}}},"product_brand":[],"product_cat":[2048,2049],"product_tag":[],"class_list":{"0":"post-59745","1":"product","2":"type-product","3":"status-publish","4":"has-post-thumbnail","6":"product_cat-interieur","7":"product_cat-suspendus-fr","8":"pa_finish-noir","9":"pa_finish-gold-fr","10":"desktop-align-center","11":"tablet-align-center","12":"mobile-align-center","13":"ast-product-gallery-layout-horizontal-slider","14":"ast-product-single-variable","15":"ast-product-tabs-layout-horizontal","17":"first","18":"instock","19":"purchasable","20":"product-type-variable","21":"wvs-archive-product-wrapper"},"acf":[],"yoast_head":"<!-- This site is optimized with the Yoast SEO plugin v27.4 - https:\/\/yoast.com\/product\/yoast-seo-wordpress\/ -->\n<title>Suspension 16&quot; - Dals Lighting<\/title>\n<meta name=\"robots\" content=\"index, follow, max-snippet:-1, max-image-preview:large, max-video-preview:-1\" \/>\n<link rel=\"canonical\" href=\"https:\/\/dals.com\/fr\/produit\/fpd-cc-atom-pendant\/\" \/>\n<meta property=\"og:locale\" content=\"fr_FR\" \/>\n<meta property=\"og:type\" content=\"article\" \/>\n<meta property=\"og:title\" content=\"Suspension 16&quot; - Dals Lighting\" \/>\n<meta property=\"og:description\" content=\"Un design unique aux lignes \u00e9pur\u00e9es qui ajoutera la touche finale \u00e0 votre bureau, votre chambre \u00e0 coucher et m\u00eame ce vestibule r\u00e9cemment r\u00e9nov\u00e9. L&#039;anneau double face ajoutera de la chaleur et du caract\u00e8re.\" \/>\n<meta property=\"og:url\" content=\"https:\/\/dals.com\/fr\/produit\/fpd-cc-atom-pendant\/\" \/>\n<meta property=\"og:site_name\" content=\"Dals Lighting\" \/>\n<meta property=\"article:modified_time\" content=\"2026-01-05T16:48:33+00:00\" \/>\n<meta property=\"og:image\" content=\"https:\/\/dals.com\/wp-content\/uploads\/2022\/12\/fpd-cc-bk1.jpg\" \/>\n\t<meta property=\"og:image:width\" content=\"2000\" \/>\n\t<meta property=\"og:image:height\" content=\"2000\" \/>\n\t<meta property=\"og:image:type\" content=\"image\/jpeg\" \/>\n<meta name=\"twitter:card\" content=\"summary_large_image\" \/>\n<meta name=\"twitter:label1\" content=\"Dur\u00e9e de lecture estim\u00e9e\" \/>\n\t<meta name=\"twitter:data1\" content=\"1 minute\" \/>\n<script type=\"application\/ld+json\" class=\"yoast-schema-graph\">{\"@context\":\"https:\\\/\\\/schema.org\",\"@graph\":[{\"@type\":\"WebPage\",\"@id\":\"https:\\\/\\\/dals.com\\\/fr\\\/produit\\\/fpd-cc-atom-pendant\\\/\",\"url\":\"https:\\\/\\\/dals.com\\\/fr\\\/produit\\\/fpd-cc-atom-pendant\\\/\",\"name\":\"Suspension 16\\\" - Dals Lighting\",\"isPartOf\":{\"@id\":\"https:\\\/\\\/dalslit.tempurl.host\\\/#website\"},\"primaryImageOfPage\":{\"@id\":\"https:\\\/\\\/dals.com\\\/fr\\\/produit\\\/fpd-cc-atom-pendant\\\/#primaryimage\"},\"image\":{\"@id\":\"https:\\\/\\\/dals.com\\\/fr\\\/produit\\\/fpd-cc-atom-pendant\\\/#primaryimage\"},\"thumbnailUrl\":\"https:\\\/\\\/dals.com\\\/wp-content\\\/uploads\\\/2022\\\/12\\\/fpd-cc-bk1.jpg\",\"datePublished\":\"2022-12-17T18:59:50+00:00\",\"dateModified\":\"2026-01-05T16:48:33+00:00\",\"breadcrumb\":{\"@id\":\"https:\\\/\\\/dals.com\\\/fr\\\/produit\\\/fpd-cc-atom-pendant\\\/#breadcrumb\"},\"inLanguage\":\"fr-FR\",\"potentialAction\":[{\"@type\":\"ReadAction\",\"target\":[\"https:\\\/\\\/dals.com\\\/fr\\\/produit\\\/fpd-cc-atom-pendant\\\/\"]}]},{\"@type\":\"ImageObject\",\"inLanguage\":\"fr-FR\",\"@id\":\"https:\\\/\\\/dals.com\\\/fr\\\/produit\\\/fpd-cc-atom-pendant\\\/#primaryimage\",\"url\":\"https:\\\/\\\/dals.com\\\/wp-content\\\/uploads\\\/2022\\\/12\\\/fpd-cc-bk1.jpg\",\"contentUrl\":\"https:\\\/\\\/dals.com\\\/wp-content\\\/uploads\\\/2022\\\/12\\\/fpd-cc-bk1.jpg\",\"width\":2000,\"height\":2000},{\"@type\":\"BreadcrumbList\",\"@id\":\"https:\\\/\\\/dals.com\\\/fr\\\/produit\\\/fpd-cc-atom-pendant\\\/#breadcrumb\",\"itemListElement\":[{\"@type\":\"ListItem\",\"position\":1,\"name\":\"Accueil\",\"item\":\"https:\\\/\\\/dals.com\\\/fr\\\/\"},{\"@type\":\"ListItem\",\"position\":2,\"name\":\"Produits\",\"item\":\"https:\\\/\\\/dalslit.tempurl.host\\\/fr\\\/?page_id=31878\"},{\"@type\":\"ListItem\",\"position\":3,\"name\":\"Int\u00e9rieur\",\"item\":\"https:\\\/\\\/dals.com\\\/fr\\\/categorie-produit\\\/interieur\\\/\"},{\"@type\":\"ListItem\",\"position\":4,\"name\":\"Suspension 16&#8243;\"}]},{\"@type\":\"WebSite\",\"@id\":\"https:\\\/\\\/dalslit.tempurl.host\\\/#website\",\"url\":\"https:\\\/\\\/dalslit.tempurl.host\\\/\",\"name\":\"Dals Lighting\",\"description\":\"Manufacturer of designer lighting products\",\"publisher\":{\"@id\":\"https:\\\/\\\/dalslit.tempurl.host\\\/#organization\"},\"potentialAction\":[{\"@type\":\"SearchAction\",\"target\":{\"@type\":\"EntryPoint\",\"urlTemplate\":\"https:\\\/\\\/dalslit.tempurl.host\\\/?s={search_term_string}\"},\"query-input\":{\"@type\":\"PropertyValueSpecification\",\"valueRequired\":true,\"valueName\":\"search_term_string\"}}],\"inLanguage\":\"fr-FR\"},{\"@type\":\"Organization\",\"@id\":\"https:\\\/\\\/dalslit.tempurl.host\\\/#organization\",\"name\":\"Dals Lighting\",\"url\":\"https:\\\/\\\/dalslit.tempurl.host\\\/\",\"logo\":{\"@type\":\"ImageObject\",\"inLanguage\":\"fr-FR\",\"@id\":\"https:\\\/\\\/dalslit.tempurl.host\\\/#\\\/schema\\\/logo\\\/image\\\/\",\"url\":\"https:\\\/\\\/dals.com\\\/wp-content\\\/uploads\\\/2020\\\/01\\\/cropped-logo-dals.png\",\"contentUrl\":\"https:\\\/\\\/dals.com\\\/wp-content\\\/uploads\\\/2020\\\/01\\\/cropped-logo-dals.png\",\"width\":\"300\",\"height\":\"125\",\"caption\":\"Dals Lighting\"},\"image\":{\"@id\":\"https:\\\/\\\/dalslit.tempurl.host\\\/#\\\/schema\\\/logo\\\/image\\\/\"}}]}<\/script>\n<!-- \/ Yoast SEO plugin. -->","yoast_head_json":{"title":"Suspension 16\" - Dals Lighting","robots":{"index":"index","follow":"follow","max-snippet":"max-snippet:-1","max-image-preview":"max-image-preview:large","max-video-preview":"max-video-preview:-1"},"canonical":"https:\/\/dals.com\/fr\/produit\/fpd-cc-atom-pendant\/","og_locale":"fr_FR","og_type":"article","og_title":"Suspension 16\" - Dals Lighting","og_description":"Un design unique aux lignes \u00e9pur\u00e9es qui ajoutera la touche finale \u00e0 votre bureau, votre chambre \u00e0 coucher et m\u00eame ce vestibule r\u00e9cemment r\u00e9nov\u00e9. L'anneau double face ajoutera de la chaleur et du caract\u00e8re.","og_url":"https:\/\/dals.com\/fr\/produit\/fpd-cc-atom-pendant\/","og_site_name":"Dals Lighting","article_modified_time":"2026-01-05T16:48:33+00:00","og_image":[{"width":2000,"height":2000,"url":"https:\/\/dals.com\/wp-content\/uploads\/2022\/12\/fpd-cc-bk1.jpg","type":"image\/jpeg"}],"twitter_card":"summary_large_image","twitter_misc":{"Dur\u00e9e de lecture estim\u00e9e":"1 minute"},"schema":{"@context":"https:\/\/schema.org","@graph":[{"@type":"WebPage","@id":"https:\/\/dals.com\/fr\/produit\/fpd-cc-atom-pendant\/","url":"https:\/\/dals.com\/fr\/produit\/fpd-cc-atom-pendant\/","name":"Suspension 16\" - Dals Lighting","isPartOf":{"@id":"https:\/\/dalslit.tempurl.host\/#website"},"primaryImageOfPage":{"@id":"https:\/\/dals.com\/fr\/produit\/fpd-cc-atom-pendant\/#primaryimage"},"image":{"@id":"https:\/\/dals.com\/fr\/produit\/fpd-cc-atom-pendant\/#primaryimage"},"thumbnailUrl":"https:\/\/dals.com\/wp-content\/uploads\/2022\/12\/fpd-cc-bk1.jpg","datePublished":"2022-12-17T18:59:50+00:00","dateModified":"2026-01-05T16:48:33+00:00","breadcrumb":{"@id":"https:\/\/dals.com\/fr\/produit\/fpd-cc-atom-pendant\/#breadcrumb"},"inLanguage":"fr-FR","potentialAction":[{"@type":"ReadAction","target":["https:\/\/dals.com\/fr\/produit\/fpd-cc-atom-pendant\/"]}]},{"@type":"ImageObject","inLanguage":"fr-FR","@id":"https:\/\/dals.com\/fr\/produit\/fpd-cc-atom-pendant\/#primaryimage","url":"https:\/\/dals.com\/wp-content\/uploads\/2022\/12\/fpd-cc-bk1.jpg","contentUrl":"https:\/\/dals.com\/wp-content\/uploads\/2022\/12\/fpd-cc-bk1.jpg","width":2000,"height":2000},{"@type":"BreadcrumbList","@id":"https:\/\/dals.com\/fr\/produit\/fpd-cc-atom-pendant\/#breadcrumb","itemListElement":[{"@type":"ListItem","position":1,"name":"Accueil","item":"https:\/\/dals.com\/fr\/"},{"@type":"ListItem","position":2,"name":"Produits","item":"https:\/\/dalslit.tempurl.host\/fr\/?page_id=31878"},{"@type":"ListItem","position":3,"name":"Int\u00e9rieur","item":"https:\/\/dals.com\/fr\/categorie-produit\/interieur\/"},{"@type":"ListItem","position":4,"name":"Suspension 16&#8243;"}]},{"@type":"WebSite","@id":"https:\/\/dalslit.tempurl.host\/#website","url":"https:\/\/dalslit.tempurl.host\/","name":"Dals Lighting","description":"Manufacturer of designer lighting products","publisher":{"@id":"https:\/\/dalslit.tempurl.host\/#organization"},"potentialAction":[{"@type":"SearchAction","target":{"@type":"EntryPoint","urlTemplate":"https:\/\/dalslit.tempurl.host\/?s={search_term_string}"},"query-input":{"@type":"PropertyValueSpecification","valueRequired":true,"valueName":"search_term_string"}}],"inLanguage":"fr-FR"},{"@type":"Organization","@id":"https:\/\/dalslit.tempurl.host\/#organization","name":"Dals Lighting","url":"https:\/\/dalslit.tempurl.host\/","logo":{"@type":"ImageObject","inLanguage":"fr-FR","@id":"https:\/\/dalslit.tempurl.host\/#\/schema\/logo\/image\/","url":"https:\/\/dals.com\/wp-content\/uploads\/2020\/01\/cropped-logo-dals.png","contentUrl":"https:\/\/dals.com\/wp-content\/uploads\/2020\/01\/cropped-logo-dals.png","width":"300","height":"125","caption":"Dals Lighting"},"image":{"@id":"https:\/\/dalslit.tempurl.host\/#\/schema\/logo\/image\/"}}]}},"_links":{"self":[{"href":"https:\/\/dals.com\/fr\/wp-json\/wp\/v2\/product\/59745","targetHints":{"allow":["GET"]}}],"collection":[{"href":"https:\/\/dals.com\/fr\/wp-json\/wp\/v2\/product"}],"about":[{"href":"https:\/\/dals.com\/fr\/wp-json\/wp\/v2\/types\/product"}],"wp:featuredmedia":[{"embeddable":true,"href":"https:\/\/dals.com\/fr\/wp-json\/wp\/v2\/media\/59452"}],"wp:attachment":[{"href":"https:\/\/dals.com\/fr\/wp-json\/wp\/v2\/media?parent=59745"}],"wp:term":[{"taxonomy":"product_brand","embeddable":true,"href":"https:\/\/dals.com\/fr\/wp-json\/wp\/v2\/product_brand?post=59745"},{"taxonomy":"product_cat","embeddable":true,"href":"https:\/\/dals.com\/fr\/wp-json\/wp\/v2\/product_cat?post=59745"},{"taxonomy":"product_tag","embeddable":true,"href":"https:\/\/dals.com\/fr\/wp-json\/wp\/v2\/product_tag?post=59745"}],"curies":[{"name":"wp","href":"https:\/\/api.w.org\/{rel}","templated":true}]}}